{"id":664,"date":"2018-07-30T16:57:39","date_gmt":"2018-07-30T14:57:39","guid":{"rendered":"http:\/\/choeurenbalade.eu\/?page_id=664"},"modified":"2018-11-12T14:07:44","modified_gmt":"2018-11-12T13:07:44","slug":"notre-histoire-texte-complet","status":"publish","type":"page","link":"https:\/\/choeurenbalade.eu\/index.php\/notre-histoire-texte-complet\/","title":{"rendered":"Notre histoire (suite)"},"content":{"rendered":"<p><span style=\"font-size: 14pt; font-family: arial, helvetica, sans-serif;\">Le plaisir de chanter ensemble nous suffisait et les spectateurs de nos rares <a href=\"https:\/\/choeurenbalade.eu\/wp-content\/uploads\/2018\/08\/Juillet-1991_2..jpg\" target=\"_blank\" rel=\"noopener\">concerts<\/a> \u00e9taient des pensionnaires de maisons de retraite et &#8230; les oiseaux du parc voisin de notre salle de r\u00e9p\u00e9tition.<\/span><\/p>\n<p><span style=\"font-size: 14pt; font-family: arial, helvetica, sans-serif;\">En 1992, des ennuis de sant\u00e9 ont contraint notre chef \u00e0 passer la main mais il avait rep\u00e9r\u00e9 dans son vivier du conservatoire une certaine Isabelle Croiz\u00e9 qui n&rsquo;osa pas refuser sa proposition. Dans l&rsquo;id\u00e9e de cette jeune \u00e9tudiante en musicologie, ce ne devait \u00eatre qu&rsquo;un <a href=\"https:\/\/choeurenbalade.eu\/wp-content\/uploads\/2018\/08\/Juin-1992-a.jpg\" target=\"_blank\" rel=\"noopener\">remplacement pour finir l&rsquo;ann\u00e9e<\/a> &#8230; mais elle a rempil\u00e9 et nous ne l&rsquo;avons plus l\u00e2ch\u00e9e !<\/span><\/p>\n<p><span style=\"font-size: 14pt; font-family: arial, helvetica, sans-serif;\">En quelques ann\u00e9es, l&rsquo;effectif est pass\u00e9 d&rsquo;une vingtaine \u00e0 une quarantaine de choristes et les concerts se sont encha\u00een\u00e9s dans tout le Grand-Nancy et quelquefois beaucoup plus loin : nous \u00e9tions devenus un \u00ab\u00a0Ch\u0153ur en Balade\u00a0\u00bb, accompagn\u00e9 successivement au piano par Marie Xhaard, Caroline Millot, Liliane Costa, H\u00e9l\u00e8ne Manfredi et Ngoc Ahn Vo Van.<\/span><\/p>\n<p><span style=\"font-family: arial, helvetica, sans-serif; font-size: 14pt;\">En 1995, Ch\u0153ur en Balade a officiellement int\u00e9gr\u00e9 l&rsquo;APM et y est rest\u00e9 jusqu&rsquo;\u00e0 sa m\u00e9tamorphose en association loi 1901 au mois d&rsquo;octobre 2014. \u00a0 \u00a0 \u00a0 \u00a0 \u00a0 \u00a0 \u00a0 \u00a0 \u00a0 \u00a0 \u00a0 \u00a0 \u00a0 \u00a0 \u00a0 \u00a0 \u00a0 \u00a0 \u00a0 \u00a0 \u00a0 \u00a0 \u00a0 \u00a0 \u00a0 \u00a0 \u00a0 \u00a0 \u00a0 \u00a0 \u00a0\u00a0 <a href=\"https:\/\/choeurenbalade.eu\/index.php\/presentation\/notre-histoire\/\">Retour<\/a><\/span><strong><span style=\"font-size: 18pt;\"><br \/>\n<\/span><\/strong><\/p>\n","protected":false},"excerpt":{"rendered":"<p>Le plaisir de chanter ensemble nous suffisait et les spectateurs de nos rares concerts \u00e9taient des pensionnaires de maisons de&hellip;<\/p>\n","protected":false},"author":1,"featured_media":0,"parent":0,"menu_order":0,"comment_status":"closed","ping_status":"closed","template":"","meta":{"footnotes":""},"simple-restrict-permission":[],"class_list":["post-664","page","type-page","status-publish","hentry"],"_links":{"self":[{"href":"https:\/\/choeurenbalade.eu\/index.php\/wp-json\/wp\/v2\/pages\/664","targetHints":{"allow":["GET"]}}],"collection":[{"href":"https:\/\/choeurenbalade.eu\/index.php\/wp-json\/wp\/v2\/pages"}],"about":[{"href":"https:\/\/choeurenbalade.eu\/index.php\/wp-json\/wp\/v2\/types\/page"}],"author":[{"embeddable":true,"href":"https:\/\/choeurenbalade.eu\/index.php\/wp-json\/wp\/v2\/users\/1"}],"replies":[{"embeddable":true,"href":"https:\/\/choeurenbalade.eu\/index.php\/wp-json\/wp\/v2\/comments?post=664"}],"version-history":[{"count":17,"href":"https:\/\/choeurenbalade.eu\/index.php\/wp-json\/wp\/v2\/pages\/664\/revisions"}],"predecessor-version":[{"id":2585,"href":"https:\/\/choeurenbalade.eu\/index.php\/wp-json\/wp\/v2\/pages\/664\/revisions\/2585"}],"wp:attachment":[{"href":"https:\/\/choeurenbalade.eu\/index.php\/wp-json\/wp\/v2\/media?parent=664"}],"wp:term":[{"taxonomy":"simple-restrict-permission","embeddable":true,"href":"https:\/\/choeurenbalade.eu\/index.php\/wp-json\/wp\/v2\/simple-restrict-permission?post=664"}],"curies":[{"name":"wp","href":"https:\/\/api.w.org\/{rel}","templated":true}]}}