{"id":230,"date":"2018-07-23T23:08:29","date_gmt":"2018-07-23T21:08:29","guid":{"rendered":"http:\/\/choeurenbalade.eu\/?page_id=230"},"modified":"2018-11-12T14:30:30","modified_gmt":"2018-11-12T13:30:30","slug":"notre-histoire","status":"publish","type":"page","link":"https:\/\/choeurenbalade.eu\/index.php\/presentation\/notre-histoire\/","title":{"rendered":"Notre histoire"},"content":{"rendered":"\t\t\t<!-- Flexy Breadcrumb -->\r\n\t\t\t<div class=\"fbc fbc-page\">\r\n\r\n\t\t\t\t<!-- Breadcrumb wrapper -->\r\n\t\t\t\t<div class=\"fbc-wrap\">\r\n\r\n\t\t\t\t\t<!-- Ordered list-->\r\n\t\t\t\t\t<ol class=\"fbc-items\" itemscope itemtype=\"https:\/\/schema.org\/BreadcrumbList\">\r\n\t\t\t\t\t\t            <li itemprop=\"itemListElement\" itemscope itemtype=\"https:\/\/schema.org\/ListItem\">\r\n                <span itemprop=\"name\">\r\n                    <!-- Home Link -->\r\n                    <a itemprop=\"item\" href=\"https:\/\/choeurenbalade.eu\">\r\n                    \r\n                                                    <i class=\"fa fa-home\" aria-hidden=\"true\"><\/i>Vous \u00eates ici                    <\/a>\r\n                <\/span>\r\n                <meta itemprop=\"position\" content=\"1\" \/><!-- Meta Position-->\r\n             <\/li><li><span class=\"fbc-separator\">\u00bb<\/span><\/li><li class=\"active\" itemprop=\"itemListElement\" itemscope itemtype=\"https:\/\/schema.org\/ListItem\"><span itemprop=\"name\" title=\"Notre histoire\">Notre histoire<\/span><meta itemprop=\"position\" content=\"2\" \/><\/li>\t\t\t\t\t<\/ol>\r\n\t\t\t\t\t<div class=\"clearfix\"><\/div>\r\n\t\t\t\t<\/div>\r\n\t\t\t<\/div>\r\n\t\t\t\n<p><span style=\"font-family: arial, helvetica, sans-serif; font-size: 14pt;\">Le Ch\u0153ur en Balade &#8211; qui ne sera baptis\u00e9 ainsi que longtemps apr\u00e8s sa naissance &#8211; est n\u00e9 en 1980, comme l&rsquo;Association pour la Promotion de la Musique de Villers &#8230; et ce n&rsquo;est pas une co\u00efncidence.<\/span><\/p>\n<p><span style=\"font-family: arial, helvetica, sans-serif; font-size: 14pt;\">A ses d\u00e9buts, l&rsquo;activit\u00e9 principale de l&rsquo;APM \u00e9tait l&rsquo;initiation \u00e0 la musique pour les enfants du CP. Ceux-ci ont peut-\u00eatre plus ou moins appr\u00e9ci\u00e9 cette nouvelle activit\u00e9 p\u00e9riscolaire mais leurs parents ont d\u00e9couvert une p\u00e9dagogie aux antipodes de leur apprentissage de la musique au coll\u00e8ge et certains ont \u00e9mis le souhait d&rsquo;en profiter eux aussi.<\/span><\/p>\n<p><span style=\"font-family: arial, helvetica, sans-serif; font-size: 14pt;\">Le d\u00e9fi a \u00e9t\u00e9 relev\u00e9 par Gilbert Chocat, instituteur retrait\u00e9 intervenant au conservatoire et recruteur des premiers professeurs de l&rsquo;APM, \u00e0 qui Jeannette Suaire, sa coll\u00e8gue directrice de l&rsquo;\u00e9cole de Villers-centre, pr\u00eata sa salle de classe pour la r\u00e9p\u00e9tition hebdomadaire.<\/span><\/p>\n<p><span style=\"font-family: arial, helvetica, sans-serif; font-size: 14pt;\">D\u00e8s les premiers cours, la fl\u00fbte \u00e0 bec des enfants fut remplac\u00e9e par la voix. De m\u00eame, les le\u00e7ons de solf\u00e8ge et les dict\u00e9es musicales furent vite abandonn\u00e9es et ce petit groupe devint un ch\u0153ur.<\/span><\/p>\n<p style=\"text-align: center;\"><span style=\"font-size: 14pt;\"><span style=\"font-family: arial, helvetica, sans-serif;\"><a href=\"https:\/\/choeurenbalade.eu\/index.php\/notre-histoire-texte-complet\/\">Envie de lire la suite de l&rsquo;histoire ?<\/a><\/span><\/span><strong><span style=\"font-size: 18pt;\"><br \/>\n<\/span><\/strong><\/p>\n","protected":false},"excerpt":{"rendered":"<p>Le Ch\u0153ur en Balade &#8211; qui ne sera baptis\u00e9 ainsi que longtemps apr\u00e8s sa naissance &#8211; est n\u00e9 en 1980,&hellip;<\/p>\n","protected":false},"author":1,"featured_media":0,"parent":212,"menu_order":0,"comment_status":"closed","ping_status":"closed","template":"","meta":{"footnotes":""},"simple-restrict-permission":[],"class_list":["post-230","page","type-page","status-publish","hentry"],"_links":{"self":[{"href":"https:\/\/choeurenbalade.eu\/index.php\/wp-json\/wp\/v2\/pages\/230","targetHints":{"allow":["GET"]}}],"collection":[{"href":"https:\/\/choeurenbalade.eu\/index.php\/wp-json\/wp\/v2\/pages"}],"about":[{"href":"https:\/\/choeurenbalade.eu\/index.php\/wp-json\/wp\/v2\/types\/page"}],"author":[{"embeddable":true,"href":"https:\/\/choeurenbalade.eu\/index.php\/wp-json\/wp\/v2\/users\/1"}],"replies":[{"embeddable":true,"href":"https:\/\/choeurenbalade.eu\/index.php\/wp-json\/wp\/v2\/comments?post=230"}],"version-history":[{"count":28,"href":"https:\/\/choeurenbalade.eu\/index.php\/wp-json\/wp\/v2\/pages\/230\/revisions"}],"predecessor-version":[{"id":2586,"href":"https:\/\/choeurenbalade.eu\/index.php\/wp-json\/wp\/v2\/pages\/230\/revisions\/2586"}],"up":[{"embeddable":true,"href":"https:\/\/choeurenbalade.eu\/index.php\/wp-json\/wp\/v2\/pages\/212"}],"wp:attachment":[{"href":"https:\/\/choeurenbalade.eu\/index.php\/wp-json\/wp\/v2\/media?parent=230"}],"wp:term":[{"taxonomy":"simple-restrict-permission","embeddable":true,"href":"https:\/\/choeurenbalade.eu\/index.php\/wp-json\/wp\/v2\/simple-restrict-permission?post=230"}],"curies":[{"name":"wp","href":"https:\/\/api.w.org\/{rel}","templated":true}]}}